{"id":292,"date":"2020-06-03T10:14:35","date_gmt":"2020-06-03T10:14:35","guid":{"rendered":"https:\/\/kitamuehlensee.de\/?page_id=292"},"modified":"2026-04-01T08:38:59","modified_gmt":"2026-04-01T08:38:59","slug":"startseite-by-apl","status":"publish","type":"page","link":"https:\/\/kitamuehlensee.de\/","title":{"rendered":"page"},"content":{"rendered":"<div id='fullscreen_slider_1' class='avia-fullscreen-slider main_color   avia-builder-el-0  el_before_av_section  avia-builder-el-first  container_wrap fullsize' style=' '  ><a href='#next-section' title='' class='scroll-down-link av-control-hidden' aria-hidden='true' data-av_icon='\ue877' data-av_iconfont='entypo-fontello'><\/a><div  data-size='extra_large'  data-lightbox_size='large'  data-animation='slide'  data-conditional_play=''  data-ids='434'  data-video_counter='0'  data-autoplay='true'  data-bg_slider='true'  data-slide_height='100'  data-handle='av_fullscreen'  data-interval='10'  data-class=' '  data-css_id='fullscreen_slider_1'  data-scroll_down='aviaTBscroll_down'  data-control_layout='av-control-hidden'  data-custom_markup=''  data-perma_caption=''  data-autoplay_stopper=''  data-image_attachment=''  data-min_height='0px'  data-stretch=''  data-default-height='100'  class='avia-slideshow avia-slideshow-1 av-slider-scroll-down-active av-control-hidden av-default-height-applied avia-slideshow-extra_large av_fullscreen   avia-slide-slider '  itemprop=\"ImageObject\" itemscope=\"itemscope\" itemtype=\"https:\/\/schema.org\/ImageObject\" ><ul class='avia-slideshow-inner ' style='padding-bottom: 56.266666666667%;' ><li style='background-position:center center;' data-img-url='https:\/\/kitamuehlensee.de\/wp-content\/uploads\/2020\/06\/Kita_Titel-2-1500x844.jpg' class=' av-single-slide slide-1 ' ><div data-rel='slideshow-1' class='avia-slide-wrap '   ><div class = \"caption_fullwidth av-slideshow-caption caption_bottom\"><div class = \"container caption_container\"><div class = \"slideshow_caption\"><div class = \"slideshow_inner_caption\"><div class = \"slideshow_align_caption\"><h2  style='color:#ffffff; ' class='avia-caption-title '  itemprop=\"name\" >Wir freuen uns auf jedes Kind - mit oder ohne christlichen Hintergrund!<\/h2><div class='avia-caption-content  av_inherit_color'  itemprop=\"description\"   style='color:#ffffff; '><p>Aktuell haben wir noch ab Sommer 2026 freie Betreuungspl\u00e4tze!<br \/>\nWeitere Informationen sind weiter unten auf unserer Website zu finden.Bei Interesse nutzen Sie gern unser Kontaktformular.<\/p>\n<\/div><\/div><\/div><\/div><\/div><\/div><\/div><\/li><\/ul><\/div><\/div>\n<div id='leitbild' class='avia-section main_color avia-section-huge avia-no-border-styling avia-bg-style-scroll  avia-builder-el-1  el_after_av_fullscreen  el_before_av_masonry_gallery   av-minimum-height av-minimum-height-75 container_wrap fullsize' style='background-repeat: no-repeat; background-image: url(https:\/\/kitamuehlensee.de\/wp-content\/uploads\/2020\/03\/viele-kleckse-gr\u00fcn.png);background-attachment: scroll; background-position: bottom center;  '  data-section-bg-repeat='no-repeat'><div class='container' ><div class='template-page content  av-content-full alpha units'><div class='post-entry post-entry-type-page post-entry-292'><div class='entry-content-wrapper clearfix'>\n<div class='flex_column_table av-equal-height-column-flextable -flextable' ><div class=\"flex_column av_one_half  av-animated-generic pop-up  flex_column_table_cell av-equal-height-column av-align-top first  avia-builder-el-2  el_before_av_one_half  avia-builder-el-first  \" style='padding:50px 0px 50px 0px ; border-radius:0px; '><p><div style='padding-bottom:10px; color:#71aa47;' class='av-special-heading av-special-heading-h2 custom-color-heading blockquote modern-quote modern-centered  avia-builder-el-3  el_before_av_textblock  avia-builder-el-first  '><h2 class='av-special-heading-tag  av-medium-font-size-overwrite av-medium-font-size-45 av-small-font-size-overwrite av-small-font-size-35 av-mini-font-size-overwrite av-mini-font-size-25'  itemprop=\"headline\"  >Leitbild<\/h2><div class='special-heading-border'><div class='special-heading-inner-border' style='border-color:#71aa47'><\/div><\/div><\/div><br \/>\n<section class=\"av_textblock_section \"  itemscope=\"itemscope\" itemtype=\"https:\/\/schema.org\/CreativeWork\" ><div class='avia_textblock   av-medium-font-size-overwrite av-medium-font-size-19 av-small-font-size-overwrite av-small-font-size-17 av-mini-font-size-overwrite av-mini-font-size-15'   itemprop=\"text\" ><p style=\"text-align: justify;\">Die Christliche Kita am M\u00fchlensee ist ein Ort der Wertsch\u00e4tzung, an dem sich Kinder willkommen f\u00fchlen und in der Entwicklung ihrer Pers\u00f6nlichkeit unterst\u00fctzt werden. Jedes Kind ist einzigartig und wertvoll und darf sich als geliebt erfahren.<\/p>\n<p style=\"text-align: justify;\">Wir erm\u00f6glichen den einzelnen Kindern, individuell heranzureifen und sich ganzheitlich zu entwickeln: k\u00f6rperlich, emotional, mental, charakterlich und geistlich. Uns ist es wichtig, ein breites Spektrum an M\u00f6glichkeiten anzubieten, damit Kinder ihre Talente und Begabungen entfalten k\u00f6nnen und sie den Freiraum erhalten, eigene Vorlieben und St\u00e4rken zu entdecken. Bei uns sind Kinder mit und ohne christlichen Hintergrund herzlich willkommen.<\/p>\n<\/div><\/section><\/p><\/div><div class='av-flex-placeholder'><\/div><div class=\"flex_column av_one_half  av-animated-generic pop-up  flex_column_table_cell av-equal-height-column av-align-top   avia-builder-el-5  el_after_av_one_half  avia-builder-el-last  \" style='padding:50px 0px 50px 0px ; border-radius:0px; '><p><div style='padding-bottom:10px; color:#7bb0e7;' class='av-special-heading av-special-heading-h2 custom-color-heading blockquote modern-quote modern-centered  avia-builder-el-6  el_before_av_textblock  avia-builder-el-first  '><h2 class='av-special-heading-tag  av-medium-font-size-overwrite av-medium-font-size-45 av-small-font-size-overwrite av-small-font-size-35 av-mini-font-size-overwrite av-mini-font-size-25'  itemprop=\"headline\"  >Erziehungspartnerschaft<\/h2><div class='special-heading-border'><div class='special-heading-inner-border' style='border-color:#7bb0e7'><\/div><\/div><\/div><br \/>\n<section class=\"av_textblock_section \"  itemscope=\"itemscope\" itemtype=\"https:\/\/schema.org\/CreativeWork\" ><div class='avia_textblock   av-medium-font-size-overwrite av-medium-font-size-19 av-small-font-size-overwrite av-small-font-size-17 av-mini-font-size-overwrite av-mini-font-size-15'   itemprop=\"text\" ><p style=\"text-align: justify;\">Wir pflegen eine intensive Zusammenarbeit mit den Eltern, die zum Ziel hat, Eltern zu ermutigen, ihre Aufgabe als Eltern bewusst wahrzunehmen und zu erf\u00fcllen. Wichtigste Grundlage hierf\u00fcr ist aus unserer Sicht eine vertrauensvolle Eltern-Kind-Beziehung.<\/p>\n<p style=\"text-align: justify;\">Gemeinsames Ziel von Eltern und Erzieherinnen ist es, das Kind auf dem Weg zu einer reifen Pers\u00f6nlichkeit zu begleiten.<\/p>\n<\/div><\/section><\/p><\/div><\/div><!--close column table wrapper. Autoclose: 1 -->\n\n<div id='av-masonry-1' class='av-masonry  noHover av-fixed-size av-no-gap av-hover-overlay-desaturation av-masonry-animation-active av-masonry-col-flexible av-caption-always av-caption-style- av-masonry-gallery      av-medium-columns-overwrite av-medium-columns-3 av-small-columns-overwrite av-small-columns-3 av-mini-columns-overwrite av-mini-columns-3'  ><div class='av-masonry-container isotope av-js-disabled ' ><div class='av-masonry-entry isotope-item av-masonry-item-no-image '><\/div><a href=\"https:\/\/kitamuehlensee.de\/wp-content\/uploads\/2020\/06\/Kita-M\u00fchlensee-Au\u00dfen-1030x687.jpg\" id='av-masonry-1-item-448' data-av-masonry-item='448' class='av-masonry-entry isotope-item post-448 attachment type-attachment status-inherit hentry  av-masonry-item-with-image' title=\"\"  itemprop=\"thumbnailUrl\" ><div class='av-inner-masonry-sizer'><\/div><figure class='av-inner-masonry main_color'><div class=\"av-masonry-outerimage-container\"><div class=\"av-masonry-image-container\" style=\"background-image: url(https:\/\/kitamuehlensee.de\/wp-content\/uploads\/2020\/06\/Kita-M\u00fchlensee-Au\u00dfen-705x470.jpg);\"><\/div><\/div><\/figure><\/a><!--end av-masonry entry--><a href=\"https:\/\/kitamuehlensee.de\/wp-content\/uploads\/2020\/06\/Kita-M\u00fchlensee-Gemeinschaftsraum-1030x687.jpg\" id='av-masonry-1-item-449' data-av-masonry-item='449' class='av-masonry-entry isotope-item post-449 attachment type-attachment status-inherit hentry  av-masonry-item-with-image' title=\"\"  itemprop=\"thumbnailUrl\" ><div class='av-inner-masonry-sizer'><\/div><figure class='av-inner-masonry main_color'><div class=\"av-masonry-outerimage-container\"><div class=\"av-masonry-image-container\" style=\"background-image: url(https:\/\/kitamuehlensee.de\/wp-content\/uploads\/2020\/06\/Kita-M\u00fchlensee-Gemeinschaftsraum-705x470.jpg);\"><\/div><\/div><\/figure><\/a><!--end av-masonry entry--><a href=\"https:\/\/kitamuehlensee.de\/wp-content\/uploads\/2020\/06\/Kita-M\u00fchlensee-Holzspielzeug-1030x687.jpg\" id='av-masonry-1-item-450' data-av-masonry-item='450' class='av-masonry-entry isotope-item post-450 attachment type-attachment status-inherit hentry  av-masonry-item-with-image' title=\"\"  itemprop=\"thumbnailUrl\" ><div class='av-inner-masonry-sizer'><\/div><figure class='av-inner-masonry main_color'><div class=\"av-masonry-outerimage-container\"><div class=\"av-masonry-image-container\" style=\"background-image: url(https:\/\/kitamuehlensee.de\/wp-content\/uploads\/2020\/06\/Kita-M\u00fchlensee-Holzspielzeug-705x470.jpg);\"><\/div><\/div><\/figure><\/a><!--end av-masonry entry--><a href=\"https:\/\/kitamuehlensee.de\/wp-content\/uploads\/2020\/06\/Kita-M\u00fchlensee-Spieleraum-1030x687.jpg\" id='av-masonry-1-item-453' data-av-masonry-item='453' class='av-masonry-entry isotope-item post-453 attachment type-attachment status-inherit hentry  av-masonry-item-with-image' title=\"\"  itemprop=\"thumbnailUrl\" ><div class='av-inner-masonry-sizer'><\/div><figure class='av-inner-masonry main_color'><div class=\"av-masonry-outerimage-container\"><div class=\"av-masonry-image-container\" style=\"background-image: url(https:\/\/kitamuehlensee.de\/wp-content\/uploads\/2020\/06\/Kita-M\u00fchlensee-Spieleraum-705x470.jpg);\"><\/div><\/div><\/figure><\/a><!--end av-masonry entry--><a href=\"https:\/\/kitamuehlensee.de\/wp-content\/uploads\/2020\/06\/Kita-M\u00fchlensee-Spieleraum-2-1030x687.jpg\" id='av-masonry-1-item-452' data-av-masonry-item='452' class='av-masonry-entry isotope-item post-452 attachment type-attachment status-inherit hentry  av-masonry-item-with-image' title=\"\"  itemprop=\"thumbnailUrl\" ><div class='av-inner-masonry-sizer'><\/div><figure class='av-inner-masonry main_color'><div class=\"av-masonry-outerimage-container\"><div class=\"av-masonry-image-container\" style=\"background-image: url(https:\/\/kitamuehlensee.de\/wp-content\/uploads\/2020\/06\/Kita-M\u00fchlensee-Spieleraum-2-705x470.jpg);\"><\/div><\/div><\/figure><\/a><!--end av-masonry entry--><a href=\"https:\/\/kitamuehlensee.de\/wp-content\/uploads\/2020\/06\/Kita-M\u00fchlensee-Puppen-1030x687.jpg\" id='av-masonry-1-item-451' data-av-masonry-item='451' class='av-masonry-entry isotope-item post-451 attachment type-attachment status-inherit hentry  av-masonry-item-with-image' title=\"\"  itemprop=\"thumbnailUrl\" ><div class='av-inner-masonry-sizer'><\/div><figure class='av-inner-masonry main_color'><div class=\"av-masonry-outerimage-container\"><div class=\"av-masonry-image-container\" style=\"background-image: url(https:\/\/kitamuehlensee.de\/wp-content\/uploads\/2020\/06\/Kita-M\u00fchlensee-Puppen-705x470.jpg);\"><\/div><\/div><\/figure><\/a><!--end av-masonry entry--><\/div><\/div>\n<div id='geschichte' class='avia-section main_color avia-section-huge avia-no-border-styling avia-bg-style-scroll  avia-builder-el-9  el_after_av_masonry_gallery  el_before_av_section   av-minimum-height av-minimum-height-75 container_wrap fullsize' style=' '  ><div class='container' ><div class='template-page content  av-content-full alpha units'><div class='post-entry post-entry-type-page post-entry-292'><div class='entry-content-wrapper clearfix'>\n<div class='flex_column_table av-equal-height-column-flextable -flextable' ><div class=\"flex_column av_one_half  av-animated-generic left-to-right  flex_column_table_cell av-equal-height-column av-align-top first  avia-builder-el-10  el_before_av_one_half  avia-builder-el-first  \" style='padding:50px 0px 50px 0px ; border-radius:0px; '><p><div style='padding-bottom:10px; color:#7bb0e7;' class='av-special-heading av-special-heading-h2 custom-color-heading blockquote modern-quote modern-centered  avia-builder-el-11  el_before_av_textblock  avia-builder-el-first  '><h2 class='av-special-heading-tag  av-medium-font-size-overwrite av-medium-font-size-45 av-small-font-size-overwrite av-small-font-size-35 av-mini-font-size-overwrite av-mini-font-size-25'  itemprop=\"headline\"  >Geschichte<\/h2><div class='special-heading-border'><div class='special-heading-inner-border' style='border-color:#7bb0e7'><\/div><\/div><\/div><br \/>\n<section class=\"av_textblock_section \"  itemscope=\"itemscope\" itemtype=\"https:\/\/schema.org\/CreativeWork\" ><div class='avia_textblock   av-medium-font-size-overwrite av-medium-font-size-19 av-small-font-size-overwrite av-small-font-size-17 av-mini-font-size-overwrite av-mini-font-size-15'   itemprop=\"text\" ><p style=\"text-align: justify;\">Im September 2019 gr\u00fcndete sich der Tr\u00e4ger der Kita, das Christliche Begegnungszentrum Oberkr\u00e4mer e. V., durch Mitglieder der Evangelisch-Freikirchlichen Gemeinde (EFG) Oberkr\u00e4mer.<\/p>\n<p>Am 1. April 2020 erhielt die Kita ihre Betriebserlaubnis vom MBJS.<\/p>\n<p style=\"text-align: justify;\">Die R\u00e4umlichkeiten der Kita befinden sich im Gemeindehaus der EFG Oberkr\u00e4mer in der Lindenallee 65 in Vehlefanz. In unmittelbarer Nachbarschaft der Kita befinden sich die Vehlefanzer Bockwindm\u00fchle, die Milchtankstelle Schwante und das wundersch\u00f6ne Naherholungsgebiet am M\u00fchlensee. Die Nashorn-Grundschule mit Bibliothek und mehrere Einkaufm\u00f6glichkeiten sind zu Fu\u00df gut erreichbar.<\/p>\n<\/div><\/section><\/p><\/div><div class='av-flex-placeholder'><\/div><div class=\"flex_column av_one_half  av-animated-generic right-to-left  flex_column_table_cell av-equal-height-column av-align-top   avia-builder-el-13  el_after_av_one_half  avia-builder-el-last  \" style='padding:50px 0px 50px 0px ; border-radius:0px; '><p><div style='padding-bottom:10px; color:#71aa47;' class='av-special-heading av-special-heading-h2 custom-color-heading blockquote modern-quote modern-centered  avia-builder-el-14  el_before_av_textblock  avia-builder-el-first  '><h2 class='av-special-heading-tag  av-medium-font-size-overwrite av-medium-font-size-45 av-small-font-size-overwrite av-small-font-size-35 av-mini-font-size-overwrite av-mini-font-size-25'  itemprop=\"headline\"  >Gruppen<\/h2><div class='special-heading-border'><div class='special-heading-inner-border' style='border-color:#71aa47'><\/div><\/div><\/div><br \/>\n<section class=\"av_textblock_section \"  itemscope=\"itemscope\" itemtype=\"https:\/\/schema.org\/CreativeWork\" ><div class='avia_textblock   av-medium-font-size-overwrite av-medium-font-size-19 av-small-font-size-overwrite av-small-font-size-17 av-mini-font-size-overwrite av-mini-font-size-15'   itemprop=\"text\" ><p style=\"text-align: justify;\">Die Kita verf\u00fcgt \u00fcber 24 Betreuungspl\u00e4tze f\u00fcr Kinder vom vollendeten zweiten Lebensjahr bis zum Schuleintritt. Die Kinder werden gemeinsam in einer altersgemischten Gruppe betreut. Die altersgemischte Gruppe verhilft Kindern zu gr\u00f6\u00dftm\u00f6glicher Selbstst\u00e4ndigkeit und Eigeninitiative und bietet ihnen die besten Voraussetzungen, um in einer familien\u00e4hnlichen Situation aufzuwachsen. Alle unterst\u00fctzen sich gegenseitig in ihrer Entwicklung und lernen, aufeinander R\u00fccksicht zu nehmen. Als P\u00e4dagogen ist es uns wichtig, durch individuelle Lern-und Spielangebote auch den unterschiedlichen Bed\u00fcrfnissen der jeweiligen Altersgruppen zu begegnen. Zu diesem Zweck teilen wir die Gruppe bei verschiedenen Gelegenheiten.<\/p>\n<\/div><\/section><\/p><\/div><\/div><!--close column table wrapper. Autoclose: 1 -->\n\n<\/div><\/div><\/div><!-- close content main div --><\/div><\/div><div id='betreuung' class='avia-section main_color avia-section-huge avia-no-border-styling avia-bg-style-scroll  avia-builder-el-16  el_after_av_section  el_before_av_section   av-minimum-height av-minimum-height-75 container_wrap fullsize' style='background-repeat: no-repeat; background-image: url(https:\/\/kitamuehlensee.de\/wp-content\/uploads\/2020\/03\/viele-kleckse-blau.png);background-attachment: scroll; background-position: top center;  '  data-section-bg-repeat='no-repeat'><div class='container' ><div class='template-page content  av-content-full alpha units'><div class='post-entry post-entry-type-page post-entry-292'><div class='entry-content-wrapper clearfix'>\n<div class='flex_column_table av-equal-height-column-flextable -flextable' ><div class=\"flex_column av_one_half  av-animated-generic pop-up  flex_column_table_cell av-equal-height-column av-align-top first  avia-builder-el-17  el_before_av_one_half  avia-builder-el-first  \" style='padding:50px 0px 50px 0px ; border-radius:0px; '><p><div style='padding-bottom:10px; color:#edae44;' class='av-special-heading av-special-heading-h2 custom-color-heading blockquote modern-quote modern-centered  avia-builder-el-18  el_before_av_textblock  avia-builder-el-first   '><h2 class='av-special-heading-tag  av-medium-font-size-overwrite av-medium-font-size-45 av-small-font-size-overwrite av-small-font-size-35 av-mini-font-size-overwrite av-mini-font-size-25'  itemprop=\"headline\"  >Betreuung<\/h2><div class='special-heading-border'><div class='special-heading-inner-border' style='border-color:#edae44'><\/div><\/div><\/div><br \/>\n<section class=\"av_textblock_section \"  itemscope=\"itemscope\" itemtype=\"https:\/\/schema.org\/CreativeWork\" ><div class='avia_textblock   av-medium-font-size-overwrite av-medium-font-size-19 av-small-font-size-overwrite av-small-font-size-17 av-mini-font-size-overwrite av-mini-font-size-15'   itemprop=\"text\" ><p style=\"text-align: justify;\"><strong>\u00d6ffnungszeiten:<\/strong><em><strong><br \/>\n<\/strong><\/em>Montag bis Freitag 7:30 \u2013 16:30 Uhr<br \/>\nIn den Schulferien sind die \u00d6ffnungszeiten von Mo bis Fr <strong>bis 15 Uhr<\/strong> verk\u00fcrzt.<\/p>\n<p style=\"text-align: justify;\"><strong>Schlie\u00dfzeiten:<\/strong><\/p>\n<p>34.04.2026: interne Weiterbildung der Mitarbeiter<br \/>\n15.05.2026: Br\u00fcckentag (Christi Himmelfahrt)<br \/>\n26.05.2026: Schlie\u00dftag<\/p>\n<p>20.07. &#8211; 07.08.2026: Schlie\u00dfzeit in den Sommerferien<\/p>\n<p>20.11.2026: interne Weiterbildung der Mitarbeiter<\/p>\n<p>23.12.2026 &#8211; 31.12.2026: Schlie\u00dfzeit zwischen Weihnachten und Neujahr<\/p>\n<p style=\"text-align: justify;\">Eine Notbetreuung w\u00e4hrend der Schlie\u00dfzeiten ist nicht m\u00f6glich.<\/p>\n<\/div><\/section><\/p><\/div><div class='av-flex-placeholder'><\/div><div class=\"flex_column av_one_half  flex_column_table_cell av-equal-height-column av-align-top   avia-builder-el-20  el_after_av_one_half  avia-builder-el-last  \" style='padding:50px 0px 50px 0px ; border-radius:0px; '><p><div style='padding-bottom:10px; color:#7bb0e7;' class='av-special-heading av-special-heading-h2 custom-color-heading blockquote modern-quote modern-centered  avia-builder-el-21  el_before_av_button_big  avia-builder-el-no-sibling   '><h2 class='av-special-heading-tag  av-medium-font-size-overwrite av-medium-font-size-45 av-small-font-size-overwrite av-small-font-size-35 av-mini-font-size-overwrite av-mini-font-size-25'  itemprop=\"headline\"  >Dokumente<\/h2><div class='special-heading-border'><div class='special-heading-inner-border' style='border-color:#7bb0e7'><\/div><\/div><\/div><br \/>\n<div class='avia-button-wrap avia-button-center  avia-builder-el-22  el_after_av_heading  el_before_av_button_big '><a href='https:\/\/kitamuehlensee.de\/wp-content\/uploads\/2022\/08\/Kostenbeitragsordnung-2022-mit-Logo.pdf' class='avia-button avia-button-fullwidth   avia-icon_select-no avia-color-custom '  target=\"_blank\"  style='color:; background-color:#ffffff;  ' ><div class='av-button-description av-button-description-above'><p>Kostenbeitragsordnung<\/p>\n<\/div><span class='avia_iconbox_title' ><\/span><span class='avia_button_background avia-button avia-button-fullwidth avia-color-custom' style='background-color:#c4c4c4; '><\/span><\/a><\/div><br \/>\n<div class='avia-button-wrap avia-button-center  avia-builder-el-23  el_after_av_button_big  el_before_av_textblock '><a href='https:\/\/kitamuehlensee.de\/wp-content\/uploads\/2022\/08\/Elternbeitraege-Kinder-bis-3-Jahre-1.pdf' class='avia-button avia-button-fullwidth   avia-icon_select-no avia-color-custom '  target=\"_blank\"  style='color:; background-color:#ffffff;  ' ><div class='av-button-description av-button-description-above'><p>Elternbeitragstabellen Kinder bis 3 Jahre<\/p>\n<\/div><span class='avia_iconbox_title' ><\/span><span class='avia_button_background avia-button avia-button-fullwidth avia-color-custom' style='background-color:#c4c4c4; '><\/span><\/a><\/div><br \/>\n<section class=\"av_textblock_section \"  itemscope=\"itemscope\" itemtype=\"https:\/\/schema.org\/CreativeWork\" ><div class='avia_textblock  '   itemprop=\"text\" ><p style=\"text-align: center;\">Hinweis: Kinder ab 3 Jahren sind beitragsfrei.<\/p>\n<\/div><\/section><\/p><\/div><\/div><!--close column table wrapper. Autoclose: 1 -->\n\n<\/div><\/div><\/div><!-- close content main div --><\/div><\/div><div id='stellenangebote' class='avia-section main_color avia-section-huge avia-no-border-styling avia-bg-style-scroll  avia-builder-el-25  el_after_av_section  el_before_av_google_map   av-minimum-height av-minimum-height-75 container_wrap fullsize' style='background-repeat: no-repeat; background-image: url(https:\/\/kitamuehlensee.de\/wp-content\/uploads\/2020\/03\/viele-kleckse-blau.png);background-attachment: scroll; background-position: top center;  '  data-section-bg-repeat='no-repeat'><div class='container' ><div class='template-page content  av-content-full alpha units'><div class='post-entry post-entry-type-page post-entry-292'><div class='entry-content-wrapper clearfix'>\n<div class='flex_column_table av-equal-height-column-flextable -flextable' ><div class=\"flex_column av_one_full  av-animated-generic pop-up  flex_column_table_cell av-equal-height-column av-align-top first  avia-builder-el-26  avia-builder-el-no-sibling  \" style='padding:50px 0px 50px 0px ; border-radius:0px; '><p><div style='padding-bottom:10px; color:#ed9c10;' class='av-special-heading av-special-heading-h2 custom-color-heading blockquote modern-quote modern-centered  avia-builder-el-27  el_before_av_textblock  avia-builder-el-first   '><h2 class='av-special-heading-tag  av-medium-font-size-overwrite av-medium-font-size-45 av-small-font-size-overwrite av-small-font-size-35 av-mini-font-size-overwrite av-mini-font-size-25'  itemprop=\"headline\"  >Freie Pl\u00e4tze<\/h2><div class='special-heading-border'><div class='special-heading-inner-border' style='border-color:#ed9c10'><\/div><\/div><\/div><br \/>\n<section class=\"av_textblock_section \"  itemscope=\"itemscope\" itemtype=\"https:\/\/schema.org\/CreativeWork\" ><div class='avia_textblock   av-medium-font-size-overwrite av-medium-font-size-19 av-small-font-size-overwrite av-small-font-size-17 av-mini-font-size-overwrite av-mini-font-size-15'   itemprop=\"text\" ><p>Liebe Eltern,<\/p>\n<p>wir haben ab Sommer 2026 freie Kapazit\u00e4ten:<\/p>\n<p>1-2 Pl\u00e4tze f\u00fcr den Jahrgang 10\/2022 &#8211; 09\/2023<\/p>\n<p>1 Platz f\u00fcr den Jahrgang 10\/2023 &#8211; 09\/2024<\/p>\n<p>Wir begr\u00fc\u00dfen liebend gern Kinder mit oder ohne christlichen Hintergrund.<br \/>\nBei uns ist jeder herzlich Willkommen!<\/p>\n<\/div><\/section><\/p><\/div><\/div><!--close column table wrapper. Autoclose: 1 --><div class=\"av_gmaps_sc_main_wrap av_gmaps_main_wrap\"><div id='av_gmap_0' class='avia-google-map-container avia-google-map-sc av_gmaps_show_unconditionally av-no-fallback-img ' data-mapid='av_gmap_0'  style='height: 400px;'><a class=\"av_gmaps_browser_disabled av_text_confirm_link av_text_confirm_link_visible\" href=\"https:\/\/www.google.com\/maps\/search\/?api=1&#038;query=Lindenallee%2065%2016727%20Oberkr\u00e4mer%20Brandenburg%20Deutschland\" target=\"_blank\">Karten wurden vom Besucher auf dieser Seite deaktiviert.<\/a><\/div><\/div><\/p>\n<div id='anmeldung' class='avia-section main_color avia-section-huge avia-no-border-styling avia-bg-style-scroll  avia-builder-el-30  el_after_av_google_map  avia-builder-el-last   av-minimum-height av-minimum-height-75 container_wrap fullsize' style=' '  ><div class='container' ><div class='template-page content  av-content-full alpha units'><div class='post-entry post-entry-type-page post-entry-292'><div class='entry-content-wrapper clearfix'>\n<div class='flex_column_table av-equal-height-column-flextable -flextable' ><div class=\"flex_column av_one_full  av-animated-generic fade-in  flex_column_table_cell av-equal-height-column av-align-top first  avia-builder-el-31  avia-builder-el-no-sibling  \" style='padding:50px 0px 50px 0px ; border-radius:0px; '><p><div style='padding-bottom:10px; color:#71aa47;' class='av-special-heading av-special-heading-h2 custom-color-heading blockquote modern-quote modern-centered  avia-builder-el-32  el_before_av_textblock  avia-builder-el-first  '><h2 class='av-special-heading-tag  av-medium-font-size-overwrite av-medium-font-size-45 av-small-font-size-overwrite av-small-font-size-35 av-mini-font-size-overwrite av-mini-font-size-25'  itemprop=\"headline\"  >Kontakt<\/h2><div class='special-heading-border'><div class='special-heading-inner-border' style='border-color:#71aa47'><\/div><\/div><\/div><br \/>\n<section class=\"av_textblock_section \"  itemscope=\"itemscope\" itemtype=\"https:\/\/schema.org\/CreativeWork\" ><div class='avia_textblock   av-medium-font-size-overwrite av-medium-font-size-19 av-small-font-size-overwrite av-small-font-size-17 av-mini-font-size-overwrite av-mini-font-size-15'   itemprop=\"text\" ><p>Vielen Dank, dass Sie sich f\u00fcr unsere Kita interessieren und Kontakt mit uns aufnehmen m\u00f6chten. Sie haben hier die M\u00f6glichkeit uns eine Nachricht und Ihre Kontaktdaten zu hinterlassen. Wir melden uns m\u00f6glichst schnell bei Ihnen.<\/p>\n<\/div><\/section><br \/>\n<form action=\"https:\/\/kitamuehlensee.de\/\" method=\"post\"  class=\"avia_ajax_form av-form-labels-visible   avia-builder-el-34  el_after_av_textblock  avia-builder-el-last   \" data-avia-form-id=\"1\" data-avia-redirect=''><fieldset><p class=' first_form  form_element form_fullwidth' id='element_avia_1_1'><label for=\"avia_1_1\">Name <abbr class=\"required\" title=\"ben\u00f6tigt\">*<\/abbr><\/label> <input name=\"avia_1_1\" class=\"text_input is_empty\" type=\"text\" id=\"avia_1_1\" value=\"\" \/><\/p><p class=' first_form  form_element form_fullwidth' id='element_avia_2_1'><label for=\"avia_2_1\">E-Mail <abbr class=\"required\" title=\"ben\u00f6tigt\">*<\/abbr><\/label> <input name=\"avia_2_1\" class=\"text_input is_email\" type=\"text\" id=\"avia_2_1\" value=\"\" \/><\/p><p class=' first_form  form_element form_fullwidth' id='element_avia_3_1'><label for=\"avia_3_1\">Telefon <abbr class=\"required\" title=\"ben\u00f6tigt\">*<\/abbr><\/label> <input name=\"avia_3_1\" class=\"text_input is_phone\" type=\"text\" id=\"avia_3_1\" value=\"\" \/><\/p><p class=' first_form  form_element form_fullwidth av-last-visible-form-element' id='element_avia_4_1'>\t <label for=\"avia_4_1\" class=\"textare_label hidden textare_label_avia_4_1\">Nachricht<\/label>\t <textarea  name=\"avia_4_1\" class=\"text_area \" cols=\"40\" rows=\"7\" id=\"avia_4_1\" ><\/textarea><\/p><p class=\"hidden\"><input type=\"text\" name=\"avia_5_1\" class=\"hidden \" id=\"avia_5_1\" value=\"\" \/><\/p><p class=\"form_element \"><input type=\"hidden\" value=\"1\" name=\"avia_generated_form1\" \/><input type=\"submit\" value=\"Senden\" class=\"button\"  data-sending-label=\"Sende\"\/><\/p><\/fieldset><\/form><div id=\"ajaxresponse_1\" class=\"ajaxresponse ajaxresponse_1 hidden\"><\/div><\/p><\/div><\/div><!--close column table wrapper. Autoclose: 1 -->\n\n","protected":false},"excerpt":{"rendered":"","protected":false},"author":2,"featured_media":0,"parent":0,"menu_order":0,"comment_status":"closed","ping_status":"closed","template":"","meta":[],"_links":{"self":[{"href":"https:\/\/kitamuehlensee.de\/index.php?rest_route=\/wp\/v2\/pages\/292"}],"collection":[{"href":"https:\/\/kitamuehlensee.de\/index.php?rest_route=\/wp\/v2\/pages"}],"about":[{"href":"https:\/\/kitamuehlensee.de\/index.php?rest_route=\/wp\/v2\/types\/page"}],"author":[{"embeddable":true,"href":"https:\/\/kitamuehlensee.de\/index.php?rest_route=\/wp\/v2\/users\/2"}],"replies":[{"embeddable":true,"href":"https:\/\/kitamuehlensee.de\/index.php?rest_route=%2Fwp%2Fv2%2Fcomments&post=292"}],"version-history":[{"count":226,"href":"https:\/\/kitamuehlensee.de\/index.php?rest_route=\/wp\/v2\/pages\/292\/revisions"}],"predecessor-version":[{"id":750,"href":"https:\/\/kitamuehlensee.de\/index.php?rest_route=\/wp\/v2\/pages\/292\/revisions\/750"}],"wp:attachment":[{"href":"https:\/\/kitamuehlensee.de\/index.php?rest_route=%2Fwp%2Fv2%2Fmedia&parent=292"}],"curies":[{"name":"wp","href":"https:\/\/api.w.org\/{rel}","templated":true}]}}